{"id":1876,"date":"2025-05-31T17:39:24","date_gmt":"2025-05-31T16:39:24","guid":{"rendered":"https:\/\/www.baptistedeyrail.com\/?post_type=portfolio&#038;p=1876"},"modified":"2025-05-31T17:41:57","modified_gmt":"2025-05-31T16:41:57","slug":"la-faim","status":"publish","type":"portfolio","link":"https:\/\/www.baptistedeyrail.com\/?portfolio=la-faim","title":{"rendered":"La faim"},"content":{"rendered":"\n<div class=\"wp-block-group alignfull has-global-padding is-layout-constrained wp-block-group-is-layout-constrained\"><\/div>\n\n\n\n<div class=\"wp-block-columns is-layout-flex wp-container-core-columns-is-layout-28f84493 wp-block-columns-is-layout-flex\">\n<div class=\"wp-block-column is-layout-flow wp-block-column-is-layout-flow\" style=\"flex-basis:66%\">\n<figure class=\"wp-block-image aligncenter size-full animated fadeInLeft\"><img loading=\"lazy\" decoding=\"async\" width=\"1000\" height=\"851\" src=\"https:\/\/www.baptistedeyrail.com\/wp-content\/uploads\/2025\/05\/La-Fain-V1-large.jpg\" alt=\"\" class=\"wp-image-1877\" srcset=\"https:\/\/www.baptistedeyrail.com\/wp-content\/uploads\/2025\/05\/La-Fain-V1-large.jpg 1000w, https:\/\/www.baptistedeyrail.com\/wp-content\/uploads\/2025\/05\/La-Fain-V1-large-300x255.jpg 300w, https:\/\/www.baptistedeyrail.com\/wp-content\/uploads\/2025\/05\/La-Fain-V1-large-768x654.jpg 768w\" sizes=\"auto, (max-width: 1000px) 100vw, 1000px\" \/><\/figure>\n<\/div>\n\n\n\n<div class=\"wp-block-column is-layout-flow wp-block-column-is-layout-flow\">\n<h2 class=\"wp-block-heading\" style=\"font-size:clamp(0.875rem, 0.875rem + ((1vw - 0.2rem) * 0.739), 1.3rem);\">LA FAIM<\/h2>\n\n\n\n<h5 class=\"wp-block-heading\" style=\"font-size:clamp(0.875rem, 0.875rem + ((1vw - 0.2rem) * 0.043), 0.9rem);\">Couverture d&rsquo;un livre de <a href=\"https:\/\/leslapidaires.fr\/auteurs\/felicien-champsaur\"><a href=\"https:\/\/leslapidaires.fr\/auteurs\/sergey-semyonov\">Sergue\u00ef Semionov (1893-1942)<\/a><\/a><br>par les \u00e9ditions <a href=\"https:\/\/leslapidaires.fr\" data-type=\"link\" data-id=\"https:\/\/leslapidaires.fr\">les Lapidaires<\/a><\/h5>\n\n\n\n<p>Petrograd. 1919. Journal affam\u00e9 d\u2019une jeune fille d\u00e9pec\u00e9e par les souffrances. La narratrice est Fe\u00efa, une adolescente pr\u00e9cipit\u00e9e dans la pauvret\u00e9 au lendemain de la r\u00e9volution. Ses pr\u00e9occupations \u2013 ses obsessions, plut\u00f4t : le syst\u00e8me du rationnement, l\u2019\u00e2pret\u00e9 humaine et ses mis\u00e8res. Mais surtout, Fe\u00efa consigne avec une infinie minutie les innombrables mal\u00e9dictions (divisions, mesquineries\u2026) que r\u00e9pandent la disette et l\u2019indigence sur sa famille.<\/p>\n\n\n\n<p><em>La Faim<\/em> appartient \u00e0 ces \u0153uvres que l\u2019on ressent visc\u00e9ralement\u2026 qui donnent la dalle ! ces \u0153uvres o\u00f9 saignent des c\u0153urs que la mis\u00e8re humaine a touch\u00e9s, o\u00f9 il y autre chose que des mots arrang\u00e9s pour l\u2019art.<\/p>\n\n\n      \n\t\t\t<div class=\"uagb-icon-wrapper uagb-block-379fd47a      \"\n\t\t\tstyle=\"\" >\n\t\t\t\t\t\t\t\t\t<span class=\"uagb-svg-wrapper\" \n\t\t\t\t\t aria-label=\"chevron-down\"\t\t\t\t\ttabindex=\"0\">\t\t\n\t\t\t\t\t\t\t\t\t\t<svg xmlns=\"https:\/\/www.w3.org\/2000\/svg\" viewBox= \"0 0 448 512\" role=\"graphics-symbol\" aria-hidden=\"false\" aria-label=\"\"><path d=\"M224 416c-8.188 0-16.38-3.125-22.62-9.375l-192-192c-12.5-12.5-12.5-32.75 0-45.25s32.75-12.5 45.25 0L224 338.8l169.4-169.4c12.5-12.5 32.75-12.5 45.25 0s12.5 32.75 0 45.25l-192 192C240.4 412.9 232.2 416 224 416z\"><\/path><\/svg>\n\t\t\t\t\t\t\t\t\t<\/span>\n\t\t\t\t\t\t\t<\/div>\n\t\t\t\n\n\n<p>Monotype couleur<br>Couverture et 4\u00e8me de couverture<\/p>\n<\/div>\n<\/div>\n\n\n\n<div style=\"height:4rem\" aria-hidden=\"true\" class=\"wp-block-spacer\"><\/div>\n\n\n\n<div class=\"wp-block-group has-global-padding is-layout-constrained wp-block-group-is-layout-constrained\">\n<div class=\"wp-block-columns is-layout-flex wp-container-core-columns-is-layout-28f84493 wp-block-columns-is-layout-flex\">\n<div class=\"wp-block-column is-layout-flow wp-block-column-is-layout-flow\"><\/div>\n\n\n\n<div class=\"wp-block-column is-layout-flow wp-block-column-is-layout-flow\"><\/div>\n<\/div>\n\n\n\n<figure class=\"wp-block-image aligncenter size-full is-resized animated slideInUp\"><img loading=\"lazy\" decoding=\"async\" width=\"1000\" height=\"753\" src=\"https:\/\/www.baptistedeyrail.com\/wp-content\/uploads\/2025\/05\/quatrieme-et-RABAT_nettoye-.jpg\" alt=\"\" class=\"wp-image-1879\" style=\"width:830px\" srcset=\"https:\/\/www.baptistedeyrail.com\/wp-content\/uploads\/2025\/05\/quatrieme-et-RABAT_nettoye-.jpg 1000w, https:\/\/www.baptistedeyrail.com\/wp-content\/uploads\/2025\/05\/quatrieme-et-RABAT_nettoye--300x226.jpg 300w, https:\/\/www.baptistedeyrail.com\/wp-content\/uploads\/2025\/05\/quatrieme-et-RABAT_nettoye--768x578.jpg 768w\" sizes=\"auto, (max-width: 1000px) 100vw, 1000px\" \/><\/figure>\n<\/div>\n\n\n\n<div style=\"height:34px\" aria-hidden=\"true\" class=\"wp-block-spacer\"><\/div>\n\n\n\n<div class=\"wp-block-uagb-image uagb-block-149f4dd4 wp-block-uagb-image--layout-default wp-block-uagb-image--effect-static wp-block-uagb-image--align-none animated slideInUp\"><figure class=\"wp-block-uagb-image__figure\"><img decoding=\"async\" srcset=\"https:\/\/www.baptistedeyrail.com\/wp-content\/uploads\/2025\/05\/La-Fain-V2-light-796x1000.jpg ,https:\/\/www.baptistedeyrail.com\/wp-content\/uploads\/2025\/05\/La-Fain-V2-light.jpg 780w, https:\/\/www.baptistedeyrail.com\/wp-content\/uploads\/2025\/05\/La-Fain-V2-light.jpg 360w\" sizes=\"auto, (max-width: 480px) 150px\" src=\"https:\/\/www.baptistedeyrail.com\/wp-content\/uploads\/2025\/05\/La-Fain-V2-light-796x1000.jpg\" alt=\"\" class=\"uag-image-1878\" width=\"796\" height=\"1000\" title=\"La Fain V2 light\" loading=\"lazy\" role=\"img\"\/><\/figure><\/div>\n\n\n\n<div style=\"height:100px\" aria-hidden=\"true\" class=\"wp-block-spacer\"><\/div>\n\n\n\n<div class=\"wp-block-uagb-image aligncenter uagb-block-7ffbe1a2 wp-block-uagb-image--layout-default wp-block-uagb-image--effect-static wp-block-uagb-image--align-center animated rubberBand delay-1s\"><figure class=\"wp-block-uagb-image__figure\"><a class=\"\" href=\"https:\/\/www.baptistedeyrail.com\/\" target=\"\" rel=\"noopener\"><img decoding=\"async\" srcset=\"https:\/\/www.baptistedeyrail.com\/wp-content\/uploads\/2023\/08\/Home.jpg ,https:\/\/www.baptistedeyrail.com\/wp-content\/uploads\/2023\/08\/Home.jpg 780w, https:\/\/www.baptistedeyrail.com\/wp-content\/uploads\/2023\/08\/Home.jpg 360w\" sizes=\"auto, (max-width: 480px) 150px\" src=\"https:\/\/www.baptistedeyrail.com\/wp-content\/uploads\/2023\/08\/Home.jpg\" alt=\"\" class=\"uag-image-1823\" width=\"150\" height=\"95\" title=\"Home\" loading=\"lazy\" role=\"img\"\/><\/a><\/figure><\/div>\n\n\n\n<div style=\"height:100px\" aria-hidden=\"true\" class=\"wp-block-spacer\"><\/div>\n\n\n\n<figure class=\"wp-block-image aligncenter size-full is-resized\"><img loading=\"lazy\" decoding=\"async\" width=\"150\" height=\"150\" src=\"https:\/\/www.baptistedeyrail.com\/wp-content\/uploads\/2025\/05\/fleche.png\" alt=\"\" class=\"wp-image-1394\" style=\"width:92px;height:auto\"\/><\/figure>\n","protected":false},"excerpt":{"rendered":"<p>LA FAIM Couverture d&rsquo;un livre de Sergue\u00ef Semionov (1893-1942)par les \u00e9ditions les Lapidaires Petrograd. 1919. Journal affam\u00e9 d\u2019une jeune fille d\u00e9pec\u00e9e par les souffrances. La narratrice est Fe\u00efa, une adolescente pr\u00e9cipit\u00e9e dans la pauvret\u00e9 au lendemain de la r\u00e9volution. Ses pr\u00e9occupations \u2013 ses obsessions, plut\u00f4t : le syst\u00e8me du rationnement, l\u2019\u00e2pret\u00e9 humaine et ses mis\u00e8res. [&hellip;]<\/p>\n","protected":false},"author":1,"featured_media":1882,"template":"","portfolio-categories":[39],"portfolio-tags":[],"class_list":["post-1876","portfolio","type-portfolio","status-publish","has-post-thumbnail","hentry","portfolio-categories-illustration"],"uagb_featured_image_src":{"full":["https:\/\/www.baptistedeyrail.com\/wp-content\/uploads\/2025\/05\/La-Fain-V1-large-VIgnette.jpg",481,481,false],"thumbnail":["https:\/\/www.baptistedeyrail.com\/wp-content\/uploads\/2025\/05\/La-Fain-V1-large-VIgnette-300x300.jpg",300,300,true],"medium":["https:\/\/www.baptistedeyrail.com\/wp-content\/uploads\/2025\/05\/La-Fain-V1-large-VIgnette-300x300.jpg",300,300,true],"medium_large":["https:\/\/www.baptistedeyrail.com\/wp-content\/uploads\/2025\/05\/La-Fain-V1-large-VIgnette.jpg",481,481,false],"large":["https:\/\/www.baptistedeyrail.com\/wp-content\/uploads\/2025\/05\/La-Fain-V1-large-VIgnette.jpg",481,481,false],"1536x1536":["https:\/\/www.baptistedeyrail.com\/wp-content\/uploads\/2025\/05\/La-Fain-V1-large-VIgnette.jpg",481,481,false],"2048x2048":["https:\/\/www.baptistedeyrail.com\/wp-content\/uploads\/2025\/05\/La-Fain-V1-large-VIgnette.jpg",481,481,false]},"uagb_author_info":{"display_name":"Baptiste","author_link":"https:\/\/www.baptistedeyrail.com\/?author=1"},"uagb_comment_info":0,"uagb_excerpt":"LA FAIM Couverture d&rsquo;un livre de Sergue\u00ef Semionov (1893-1942)par les \u00e9ditions les Lapidaires Petrograd. 1919. Journal affam\u00e9 d\u2019une jeune fille d\u00e9pec\u00e9e par les souffrances. La narratrice est Fe\u00efa, une adolescente pr\u00e9cipit\u00e9e dans la pauvret\u00e9 au lendemain de la r\u00e9volution. Ses pr\u00e9occupations \u2013 ses obsessions, plut\u00f4t : le syst\u00e8me du rationnement, l\u2019\u00e2pret\u00e9 humaine et ses mis\u00e8res.\u2026","_links":{"self":[{"href":"https:\/\/www.baptistedeyrail.com\/index.php?rest_route=\/wp\/v2\/portfolio\/1876","targetHints":{"allow":["GET"]}}],"collection":[{"href":"https:\/\/www.baptistedeyrail.com\/index.php?rest_route=\/wp\/v2\/portfolio"}],"about":[{"href":"https:\/\/www.baptistedeyrail.com\/index.php?rest_route=\/wp\/v2\/types\/portfolio"}],"author":[{"embeddable":true,"href":"https:\/\/www.baptistedeyrail.com\/index.php?rest_route=\/wp\/v2\/users\/1"}],"version-history":[{"count":0,"href":"https:\/\/www.baptistedeyrail.com\/index.php?rest_route=\/wp\/v2\/portfolio\/1876\/revisions"}],"wp:featuredmedia":[{"embeddable":true,"href":"https:\/\/www.baptistedeyrail.com\/index.php?rest_route=\/wp\/v2\/media\/1882"}],"wp:attachment":[{"href":"https:\/\/www.baptistedeyrail.com\/index.php?rest_route=%2Fwp%2Fv2%2Fmedia&parent=1876"}],"wp:term":[{"taxonomy":"portfolio-categories","embeddable":true,"href":"https:\/\/www.baptistedeyrail.com\/index.php?rest_route=%2Fwp%2Fv2%2Fportfolio-categories&post=1876"},{"taxonomy":"portfolio-tags","embeddable":true,"href":"https:\/\/www.baptistedeyrail.com\/index.php?rest_route=%2Fwp%2Fv2%2Fportfolio-tags&post=1876"}],"curies":[{"name":"wp","href":"https:\/\/api.w.org\/{rel}","templated":true}]}}